{"id":3051,"date":"2021-11-22T09:55:07","date_gmt":"2021-11-22T08:55:07","guid":{"rendered":"https:\/\/www.institut-cultures-islam.org\/expositions\/zone-franche\/"},"modified":"2024-06-21T11:13:16","modified_gmt":"2024-06-21T09:13:16","slug":"zone-franche","status":"archive","type":"exposition","link":"https:\/\/www.institut-cultures-islam.org\/en\/exhibitions\/zone-franche\/","title":{"rendered":"Zone Franche"},"content":{"rendered":"\n\n<div class=\"ICI21_CHAPEAU\"><p>Du 03 f\u00e9vrier au 1er ao\u00fbt 2021, l\u2019Institut des Cultures d\u2019Islam pr\u00e9sente <em>Zone Franche<\/em>, une exposition co-construite avec les centres d&#8217;art Doual&#8217;art et Think Tanger, dans le cadre de la Saison Africa2020.<\/p>\n<\/div>\n\n\n<figure class=\"wp-block-image size-full\"><img loading=\"lazy\" decoding=\"async\" width=\"1116\" height=\"768\" src=\"https:\/\/www.institut-cultures-islam.org\/wp-content\/uploads\/2021\/11\/ICI-Zone_Franche-Sous_le_ciel-de-Paris\u00a9Chourouk_Hriech.jpeg.jpg\" alt=\"\" class=\"wp-image-968\" srcset=\"https:\/\/www.institut-cultures-islam.org\/ICI2022\/fichiers\/uploads\/2021\/11\/ICI-Zone_Franche-Sous_le_ciel-de-Paris\u00a9Chourouk_Hriech.jpeg.jpg 1116w, https:\/\/www.institut-cultures-islam.org\/ICI2022\/fichiers\/uploads\/2021\/11\/ICI-Zone_Franche-Sous_le_ciel-de-Paris\u00a9Chourouk_Hriech.jpeg-300x206.jpg 300w, https:\/\/www.institut-cultures-islam.org\/ICI2022\/fichiers\/uploads\/2021\/11\/ICI-Zone_Franche-Sous_le_ciel-de-Paris\u00a9Chourouk_Hriech.jpeg-1024x705.jpg 1024w, https:\/\/www.institut-cultures-islam.org\/ICI2022\/fichiers\/uploads\/2021\/11\/ICI-Zone_Franche-Sous_le_ciel-de-Paris\u00a9Chourouk_Hriech.jpeg-768x529.jpg 768w, https:\/\/www.institut-cultures-islam.org\/ICI2022\/fichiers\/uploads\/2021\/11\/ICI-Zone_Franche-Sous_le_ciel-de-Paris\u00a9Chourouk_Hriech.jpeg-100x69.jpg 100w\" sizes=\"auto, (max-width: 1116px) 100vw, 1116px\" \/><figcaption class=\"wp-element-caption\"><em>Sous le ciel de Paris<\/em>, installation, 2021 \u00a9 Chourouk Hriech, ADAGP, Paris, 2021, production : Institut des Cultures d&#8217;Islam<\/figcaption><\/figure>\n\n\n\n<p><em>Zone Franche<\/em> est une aventure collective, le fruit d\u2019une rencontre entre trois structures artistiques situ\u00e9es au Cameroun, au Maroc et en France, anim\u00e9es par un m\u00eame d\u00e9sir d\u2019interagir avec les \u00e9cosyst\u00e8mes urbains qui les ont vu na\u00eetre.<\/p>\n\n\n\n<p>\u00c0 partir des t\u00e9moignages de nombreux cr\u00e9ateurs et experts locaux, Doual\u2019art, Think Tanger et l\u2019Institut des Cultures d&#8217;Islam ont co-cr\u00e9\u00e9 une exposition prenant la forme d\u2019un espace po\u00e9tique et symbolique autonome. <\/p>\n\n\n\n<figure class=\"wp-block-image size-full\"><img loading=\"lazy\" decoding=\"async\" width=\"1167\" height=\"768\" src=\"https:\/\/www.institut-cultures-islam.org\/wp-content\/uploads\/2021\/11\/ICI-Zone_Franche-U_ve_nkeh\u00a9Salifou_Lindou.jpeg.jpg\" alt=\"\" class=\"wp-image-970\" srcset=\"https:\/\/www.institut-cultures-islam.org\/ICI2022\/fichiers\/uploads\/2021\/11\/ICI-Zone_Franche-U_ve_nkeh\u00a9Salifou_Lindou.jpeg.jpg 1167w, https:\/\/www.institut-cultures-islam.org\/ICI2022\/fichiers\/uploads\/2021\/11\/ICI-Zone_Franche-U_ve_nkeh\u00a9Salifou_Lindou.jpeg-300x197.jpg 300w, https:\/\/www.institut-cultures-islam.org\/ICI2022\/fichiers\/uploads\/2021\/11\/ICI-Zone_Franche-U_ve_nkeh\u00a9Salifou_Lindou.jpeg-1024x674.jpg 1024w, https:\/\/www.institut-cultures-islam.org\/ICI2022\/fichiers\/uploads\/2021\/11\/ICI-Zone_Franche-U_ve_nkeh\u00a9Salifou_Lindou.jpeg-768x505.jpg 768w, https:\/\/www.institut-cultures-islam.org\/ICI2022\/fichiers\/uploads\/2021\/11\/ICI-Zone_Franche-U_ve_nkeh\u00a9Salifou_Lindou.jpeg-100x66.jpg 100w\" sizes=\"auto, (max-width: 1167px) 100vw, 1167px\" \/><figcaption class=\"wp-element-caption\"><meta charset=\"utf-8\"><em>U v\u00e9 nk\u00eah? (Es-tu purifi\u00e9 ?)<\/em>, installation, 2021 \u00a9 Sa\u00efdou Dicko, production : Institut des Cultures d&#8217;Islam<\/figcaption><\/figure>\n\n\n\n<p>\u00c0 rebours de l\u2019enclave qu\u2019elle d\u00e9signe habituellement, cette <em>Zone Franche<\/em> explore le mouvement des voyageurs, des marchandises et des imaginaires par-del\u00e0 les limites mat\u00e9rielles ou invisibles.<\/p>\n\n\n\n<p>Quinze artistes du continent africain et de la diaspora bouleversent les cartes et la g\u00e9ographie, racontent les destin\u00e9es, parcourent les chemins de la pens\u00e9e vers un ailleurs bien r\u00e9el ou r\u00eav\u00e9.&nbsp;<\/p>\n\n\n\n<p>Avec <em>Zone Franche<\/em>, l\u2019Institut des Cultures d&#8217;Islam se transforme en Quartier G\u00e9n\u00e9ral d\u2019Africa2020. \u00c0 cette occasion, il accueille une exposition et toute une programmation pluridisciplinaire pendant six mois dans l\u2019esprit d\u2019un centre culturel panafricain temporaire.<\/p>\n\n\n\n<figure class=\"wp-block-image size-full\"><img loading=\"lazy\" decoding=\"async\" width=\"1073\" height=\"768\" src=\"https:\/\/www.institut-cultures-islam.org\/wp-content\/uploads\/2021\/11\/ICI-Zone_Franche-Installation\u00a9Marc-Domage.jpeg.jpg\" alt=\"\" class=\"wp-image-964\" srcset=\"https:\/\/www.institut-cultures-islam.org\/ICI2022\/fichiers\/uploads\/2021\/11\/ICI-Zone_Franche-Installation\u00a9Marc-Domage.jpeg.jpg 1073w, https:\/\/www.institut-cultures-islam.org\/ICI2022\/fichiers\/uploads\/2021\/11\/ICI-Zone_Franche-Installation\u00a9Marc-Domage.jpeg-300x215.jpg 300w, https:\/\/www.institut-cultures-islam.org\/ICI2022\/fichiers\/uploads\/2021\/11\/ICI-Zone_Franche-Installation\u00a9Marc-Domage.jpeg-1024x733.jpg 1024w, https:\/\/www.institut-cultures-islam.org\/ICI2022\/fichiers\/uploads\/2021\/11\/ICI-Zone_Franche-Installation\u00a9Marc-Domage.jpeg-768x550.jpg 768w, https:\/\/www.institut-cultures-islam.org\/ICI2022\/fichiers\/uploads\/2021\/11\/ICI-Zone_Franche-Installation\u00a9Marc-Domage.jpeg-100x72.jpg 100w\" sizes=\"auto, (max-width: 1073px) 100vw, 1073px\" \/><figcaption class=\"wp-element-caption\">Installation pour le hammam de l&#8217;ICI, 2021 <\/figcaption><\/figure>\n\n\n\n<figure class=\"wp-block-pullquote\"><blockquote><p><strong>\u00ab Lorsque l\u2019on navigue, la premi\u00e8re chose que l\u2019on transporte avec soi c\u2019est son imaginaire. L\u2019imaginaire na\u00eet souvent de la pratique du monde et de ce que nos cerveaux et nos c\u0153urs en filtrent et en gardent. \u00bb<\/strong><\/p><cite>Chourouk Hriech, artiste invit\u00e9e<\/cite><\/blockquote><\/figure>\n\n\n\n<figure class=\"wp-block-image size-full\"><img loading=\"lazy\" decoding=\"async\" width=\"1154\" height=\"768\" src=\"https:\/\/www.institut-cultures-islam.org\/wp-content\/uploads\/2021\/11\/ICI-Zone_Franche-Mohamed_Arejdal-Fatiha_Zemmouri-Jean_David_Nkot.jpeg.jpg\" alt=\"\" class=\"wp-image-966\" srcset=\"https:\/\/www.institut-cultures-islam.org\/ICI2022\/fichiers\/uploads\/2021\/11\/ICI-Zone_Franche-Mohamed_Arejdal-Fatiha_Zemmouri-Jean_David_Nkot.jpeg.jpg 1154w, https:\/\/www.institut-cultures-islam.org\/ICI2022\/fichiers\/uploads\/2021\/11\/ICI-Zone_Franche-Mohamed_Arejdal-Fatiha_Zemmouri-Jean_David_Nkot.jpeg-300x200.jpg 300w, https:\/\/www.institut-cultures-islam.org\/ICI2022\/fichiers\/uploads\/2021\/11\/ICI-Zone_Franche-Mohamed_Arejdal-Fatiha_Zemmouri-Jean_David_Nkot.jpeg-1024x681.jpg 1024w, https:\/\/www.institut-cultures-islam.org\/ICI2022\/fichiers\/uploads\/2021\/11\/ICI-Zone_Franche-Mohamed_Arejdal-Fatiha_Zemmouri-Jean_David_Nkot.jpeg-768x511.jpg 768w, https:\/\/www.institut-cultures-islam.org\/ICI2022\/fichiers\/uploads\/2021\/11\/ICI-Zone_Franche-Mohamed_Arejdal-Fatiha_Zemmouri-Jean_David_Nkot.jpeg-100x67.jpg 100w\" sizes=\"auto, (max-width: 1154px) 100vw, 1154px\" \/><figcaption class=\"wp-element-caption\">Vue de l&#8217;exposition <em>Zone Franche<\/em> avec les \u0153uvres de Mohamed Arejdal, Fatiha Zemmouri et Jean-David Nkot \u00a9 <meta charset=\"utf-8\">Mohamed Arejdal, Fatiha Zemmouri et Jean-David Nkot<\/figcaption><\/figure>\n\n\n\n<p>Une cinquantaine de concerts, spectacles vivants, films, conf\u00e9rences, contes, cin\u00e9-go\u00fbters, activit\u00e9s pour le jeune public, ateliers de pratique artistique et visites th\u00e9matiques de la Goutte d\u2019Or mettent \u00e0 l\u2019honneur les artistes du continent africain et leur regard sur le monde.<\/p>\n\n\n\n<figure class=\"wp-block-image size-full\"><img loading=\"lazy\" decoding=\"async\" width=\"1181\" height=\"768\" src=\"https:\/\/www.institut-cultures-islam.org\/wp-content\/uploads\/2021\/11\/ICI-Zone_Franche\u00a9Saidou_Dicko.jpeg.jpg\" alt=\"\" class=\"wp-image-972\" srcset=\"https:\/\/www.institut-cultures-islam.org\/ICI2022\/fichiers\/uploads\/2021\/11\/ICI-Zone_Franche\u00a9Saidou_Dicko.jpeg.jpg 1181w, https:\/\/www.institut-cultures-islam.org\/ICI2022\/fichiers\/uploads\/2021\/11\/ICI-Zone_Franche\u00a9Saidou_Dicko.jpeg-300x195.jpg 300w, https:\/\/www.institut-cultures-islam.org\/ICI2022\/fichiers\/uploads\/2021\/11\/ICI-Zone_Franche\u00a9Saidou_Dicko.jpeg-1024x666.jpg 1024w, https:\/\/www.institut-cultures-islam.org\/ICI2022\/fichiers\/uploads\/2021\/11\/ICI-Zone_Franche\u00a9Saidou_Dicko.jpeg-768x499.jpg 768w, https:\/\/www.institut-cultures-islam.org\/ICI2022\/fichiers\/uploads\/2021\/11\/ICI-Zone_Franche\u00a9Saidou_Dicko.jpeg-100x65.jpg 100w\" sizes=\"auto, (max-width: 1181px) 100vw, 1181px\" \/><figcaption class=\"wp-element-caption\">installation, 2021 \u00a9 Sa\u00efdou Dicko<\/figcaption><\/figure>\n\n\n\n<figure class=\"wp-block-pullquote\"><blockquote><p><strong>\u00ab On d\u00e9couvre une Afrique r\u00e9invent\u00e9e (\u2026) La question des fronti\u00e8res est r\u00e9fl\u00e9chie, questionn\u00e9e et \u00e9tendue. Zone Franche nous pousse ainsi \u00e0 r\u00e9fl\u00e9chir aux effets de la mondialisation sur les migrations en Afrique, mais aussi sur les connexions immat\u00e9rielles. \u00bb<\/strong><\/p><cite>Le bonbon<\/cite><\/blockquote><\/figure>\n\n\n\n<div class=\"wp-block-buttons is-content-justification-center is-layout-flex wp-container-core-buttons-is-layout-16018d1d wp-block-buttons-is-layout-flex\"><\/div>\n","protected":false},"author":4,"featured_media":181,"template":"","types-evenements":[],"types-ressources":[29],"class_list":["post-3051","exposition","type-exposition","status-archive","has-post-thumbnail","hentry","types-ressources-expositions-virtuelles","entry"],"acf":[],"yoast_head":"<!-- This site is optimized with the Yoast SEO plugin v22.2 - https:\/\/yoast.com\/wordpress\/plugins\/seo\/ -->\n<title>Zone Franche | Institut des Cultures d\u2019Islam<\/title>\n<meta name=\"robots\" content=\"index, follow, max-snippet:-1, max-image-preview:large, max-video-preview:-1\" \/>\n<link rel=\"canonical\" href=\"https:\/\/www.institut-cultures-islam.org\/en\/exhibitions\/zone-franche\/\" \/>\n<meta property=\"og:locale\" content=\"en_US\" \/>\n<meta property=\"og:type\" content=\"article\" \/>\n<meta property=\"og:title\" content=\"Zone Franche | Institut des Cultures d\u2019Islam\" \/>\n<meta property=\"og:description\" content=\"Zone Franche est une aventure collective, le fruit d\u2019une rencontre entre trois structures artistiques situ\u00e9es au Cameroun, au Maroc et en France, anim\u00e9es par un m\u00eame d\u00e9sir d\u2019interagir avec les \u00e9cosyst\u00e8mes urbains qui les ont vu na\u00eetre. \u00c0 partir des t\u00e9moignages de nombreux cr\u00e9ateurs et experts locaux, Doual\u2019art, Think Tanger et l\u2019Institut des Cultures d&#8217;Islam&hellip; Continue reading Zone Franche\" \/>\n<meta property=\"og:url\" content=\"https:\/\/www.institut-cultures-islam.org\/en\/exhibitions\/zone-franche\/\" \/>\n<meta property=\"og:site_name\" content=\"Institut des Cultures d\u2019Islam\" \/>\n<meta property=\"article:publisher\" content=\"https:\/\/www.facebook.com\/institut.cultures.islam\" \/>\n<meta property=\"article:modified_time\" content=\"2024-06-21T09:13:16+00:00\" \/>\n<meta property=\"og:image\" content=\"http:\/\/www.institut-cultures-islam.org\/ICI2022\/fichiers\/uploads\/2021\/10\/zf.jpg\" \/>\n\t<meta property=\"og:image:width\" content=\"1281\" \/>\n\t<meta property=\"og:image:height\" content=\"850\" \/>\n\t<meta property=\"og:image:type\" content=\"image\/jpeg\" \/>\n<meta name=\"twitter:card\" content=\"summary_large_image\" \/>\n<meta name=\"twitter:site\" content=\"@culturesdislam\" \/>\n<meta name=\"twitter:label1\" content=\"Est. reading time\" \/>\n\t<meta name=\"twitter:data1\" content=\"3 minutes\" \/>\n<script type=\"application\/ld+json\" class=\"yoast-schema-graph\">{\"@context\":\"https:\/\/schema.org\",\"@graph\":[{\"@type\":\"WebPage\",\"@id\":\"https:\/\/www.institut-cultures-islam.org\/en\/exhibitions\/zone-franche\/\",\"url\":\"https:\/\/www.institut-cultures-islam.org\/en\/exhibitions\/zone-franche\/\",\"name\":\"Zone Franche | Institut des Cultures d\u2019Islam\",\"isPartOf\":{\"@id\":\"https:\/\/www.institut-cultures-islam.org\/#website\"},\"primaryImageOfPage\":{\"@id\":\"https:\/\/www.institut-cultures-islam.org\/en\/exhibitions\/zone-franche\/#primaryimage\"},\"image\":{\"@id\":\"https:\/\/www.institut-cultures-islam.org\/en\/exhibitions\/zone-franche\/#primaryimage\"},\"thumbnailUrl\":\"https:\/\/www.institut-cultures-islam.org\/ICI2022\/fichiers\/uploads\/2021\/10\/zf.jpg\",\"datePublished\":\"2021-11-22T08:55:07+00:00\",\"dateModified\":\"2024-06-21T09:13:16+00:00\",\"breadcrumb\":{\"@id\":\"https:\/\/www.institut-cultures-islam.org\/en\/exhibitions\/zone-franche\/#breadcrumb\"},\"inLanguage\":\"en-US\",\"potentialAction\":[{\"@type\":\"ReadAction\",\"target\":[\"https:\/\/www.institut-cultures-islam.org\/en\/exhibitions\/zone-franche\/\"]}]},{\"@type\":\"ImageObject\",\"inLanguage\":\"en-US\",\"@id\":\"https:\/\/www.institut-cultures-islam.org\/en\/exhibitions\/zone-franche\/#primaryimage\",\"url\":\"https:\/\/www.institut-cultures-islam.org\/ICI2022\/fichiers\/uploads\/2021\/10\/zf.jpg\",\"contentUrl\":\"https:\/\/www.institut-cultures-islam.org\/ICI2022\/fichiers\/uploads\/2021\/10\/zf.jpg\",\"width\":1281,\"height\":850},{\"@type\":\"BreadcrumbList\",\"@id\":\"https:\/\/www.institut-cultures-islam.org\/en\/exhibitions\/zone-franche\/#breadcrumb\",\"itemListElement\":[{\"@type\":\"ListItem\",\"position\":1,\"name\":\"Accueil\",\"item\":\"https:\/\/www.institut-cultures-islam.org\/en\/homepage\/\"},{\"@type\":\"ListItem\",\"position\":2,\"name\":\"Zone Franche\"}]},{\"@type\":\"WebSite\",\"@id\":\"https:\/\/www.institut-cultures-islam.org\/#website\",\"url\":\"https:\/\/www.institut-cultures-islam.org\/\",\"name\":\"Institut des Cultures d\u2019Islam\",\"description\":\"\",\"publisher\":{\"@id\":\"https:\/\/www.institut-cultures-islam.org\/#organization\"},\"potentialAction\":[{\"@type\":\"SearchAction\",\"target\":{\"@type\":\"EntryPoint\",\"urlTemplate\":\"https:\/\/www.institut-cultures-islam.org\/?s={search_term_string}\"},\"query-input\":\"required name=search_term_string\"}],\"inLanguage\":\"en-US\"},{\"@type\":\"Organization\",\"@id\":\"https:\/\/www.institut-cultures-islam.org\/#organization\",\"name\":\"Institut des Cultures d\u2019Islam\",\"url\":\"https:\/\/www.institut-cultures-islam.org\/\",\"logo\":{\"@type\":\"ImageObject\",\"inLanguage\":\"en-US\",\"@id\":\"https:\/\/www.institut-cultures-islam.org\/#\/schema\/logo\/image\/\",\"url\":\"https:\/\/www.institut-cultures-islam.org\/ICI2022\/fichiers\/uploads\/2022\/07\/Logotype_ICI_2021.svg\",\"contentUrl\":\"https:\/\/www.institut-cultures-islam.org\/ICI2022\/fichiers\/uploads\/2022\/07\/Logotype_ICI_2021.svg\",\"width\":1,\"height\":1,\"caption\":\"Institut des Cultures d\u2019Islam\"},\"image\":{\"@id\":\"https:\/\/www.institut-cultures-islam.org\/#\/schema\/logo\/image\/\"},\"sameAs\":[\"https:\/\/www.facebook.com\/institut.cultures.islam\",\"https:\/\/twitter.com\/culturesdislam\",\"https:\/\/www.instagram.com\/institutculturesislam\/\"]}]}<\/script>\n<!-- \/ Yoast SEO plugin. -->","yoast_head_json":{"title":"Zone Franche | Institut des Cultures d\u2019Islam","robots":{"index":"index","follow":"follow","max-snippet":"max-snippet:-1","max-image-preview":"max-image-preview:large","max-video-preview":"max-video-preview:-1"},"canonical":"https:\/\/www.institut-cultures-islam.org\/en\/exhibitions\/zone-franche\/","og_locale":"en_US","og_type":"article","og_title":"Zone Franche | Institut des Cultures d\u2019Islam","og_description":"Zone Franche est une aventure collective, le fruit d\u2019une rencontre entre trois structures artistiques situ\u00e9es au Cameroun, au Maroc et en France, anim\u00e9es par un m\u00eame d\u00e9sir d\u2019interagir avec les \u00e9cosyst\u00e8mes urbains qui les ont vu na\u00eetre. \u00c0 partir des t\u00e9moignages de nombreux cr\u00e9ateurs et experts locaux, Doual\u2019art, Think Tanger et l\u2019Institut des Cultures d&#8217;Islam&hellip; Continue reading Zone Franche","og_url":"https:\/\/www.institut-cultures-islam.org\/en\/exhibitions\/zone-franche\/","og_site_name":"Institut des Cultures d\u2019Islam","article_publisher":"https:\/\/www.facebook.com\/institut.cultures.islam","article_modified_time":"2024-06-21T09:13:16+00:00","og_image":[{"width":1281,"height":850,"url":"http:\/\/www.institut-cultures-islam.org\/ICI2022\/fichiers\/uploads\/2021\/10\/zf.jpg","type":"image\/jpeg"}],"twitter_card":"summary_large_image","twitter_site":"@culturesdislam","twitter_misc":{"Est. reading time":"3 minutes"},"schema":{"@context":"https:\/\/schema.org","@graph":[{"@type":"WebPage","@id":"https:\/\/www.institut-cultures-islam.org\/en\/exhibitions\/zone-franche\/","url":"https:\/\/www.institut-cultures-islam.org\/en\/exhibitions\/zone-franche\/","name":"Zone Franche | Institut des Cultures d\u2019Islam","isPartOf":{"@id":"https:\/\/www.institut-cultures-islam.org\/#website"},"primaryImageOfPage":{"@id":"https:\/\/www.institut-cultures-islam.org\/en\/exhibitions\/zone-franche\/#primaryimage"},"image":{"@id":"https:\/\/www.institut-cultures-islam.org\/en\/exhibitions\/zone-franche\/#primaryimage"},"thumbnailUrl":"https:\/\/www.institut-cultures-islam.org\/ICI2022\/fichiers\/uploads\/2021\/10\/zf.jpg","datePublished":"2021-11-22T08:55:07+00:00","dateModified":"2024-06-21T09:13:16+00:00","breadcrumb":{"@id":"https:\/\/www.institut-cultures-islam.org\/en\/exhibitions\/zone-franche\/#breadcrumb"},"inLanguage":"en-US","potentialAction":[{"@type":"ReadAction","target":["https:\/\/www.institut-cultures-islam.org\/en\/exhibitions\/zone-franche\/"]}]},{"@type":"ImageObject","inLanguage":"en-US","@id":"https:\/\/www.institut-cultures-islam.org\/en\/exhibitions\/zone-franche\/#primaryimage","url":"https:\/\/www.institut-cultures-islam.org\/ICI2022\/fichiers\/uploads\/2021\/10\/zf.jpg","contentUrl":"https:\/\/www.institut-cultures-islam.org\/ICI2022\/fichiers\/uploads\/2021\/10\/zf.jpg","width":1281,"height":850},{"@type":"BreadcrumbList","@id":"https:\/\/www.institut-cultures-islam.org\/en\/exhibitions\/zone-franche\/#breadcrumb","itemListElement":[{"@type":"ListItem","position":1,"name":"Accueil","item":"https:\/\/www.institut-cultures-islam.org\/en\/homepage\/"},{"@type":"ListItem","position":2,"name":"Zone Franche"}]},{"@type":"WebSite","@id":"https:\/\/www.institut-cultures-islam.org\/#website","url":"https:\/\/www.institut-cultures-islam.org\/","name":"Institut des Cultures d\u2019Islam","description":"","publisher":{"@id":"https:\/\/www.institut-cultures-islam.org\/#organization"},"potentialAction":[{"@type":"SearchAction","target":{"@type":"EntryPoint","urlTemplate":"https:\/\/www.institut-cultures-islam.org\/?s={search_term_string}"},"query-input":"required name=search_term_string"}],"inLanguage":"en-US"},{"@type":"Organization","@id":"https:\/\/www.institut-cultures-islam.org\/#organization","name":"Institut des Cultures d\u2019Islam","url":"https:\/\/www.institut-cultures-islam.org\/","logo":{"@type":"ImageObject","inLanguage":"en-US","@id":"https:\/\/www.institut-cultures-islam.org\/#\/schema\/logo\/image\/","url":"https:\/\/www.institut-cultures-islam.org\/ICI2022\/fichiers\/uploads\/2022\/07\/Logotype_ICI_2021.svg","contentUrl":"https:\/\/www.institut-cultures-islam.org\/ICI2022\/fichiers\/uploads\/2022\/07\/Logotype_ICI_2021.svg","width":1,"height":1,"caption":"Institut des Cultures d\u2019Islam"},"image":{"@id":"https:\/\/www.institut-cultures-islam.org\/#\/schema\/logo\/image\/"},"sameAs":["https:\/\/www.facebook.com\/institut.cultures.islam","https:\/\/twitter.com\/culturesdislam","https:\/\/www.instagram.com\/institutculturesislam\/"]}]}},"_links":{"self":[{"href":"https:\/\/www.institut-cultures-islam.org\/en\/wp-json\/wp\/v2\/exposition\/3051","targetHints":{"allow":["GET"]}}],"collection":[{"href":"https:\/\/www.institut-cultures-islam.org\/en\/wp-json\/wp\/v2\/exposition"}],"about":[{"href":"https:\/\/www.institut-cultures-islam.org\/en\/wp-json\/wp\/v2\/types\/exposition"}],"author":[{"embeddable":true,"href":"https:\/\/www.institut-cultures-islam.org\/en\/wp-json\/wp\/v2\/users\/4"}],"wp:featuredmedia":[{"embeddable":true,"href":"https:\/\/www.institut-cultures-islam.org\/en\/wp-json\/wp\/v2\/media\/181"}],"wp:attachment":[{"href":"https:\/\/www.institut-cultures-islam.org\/en\/wp-json\/wp\/v2\/media?parent=3051"}],"wp:term":[{"taxonomy":"types-evenements","embeddable":true,"href":"https:\/\/www.institut-cultures-islam.org\/en\/wp-json\/wp\/v2\/types-evenements?post=3051"},{"taxonomy":"types-ressources","embeddable":true,"href":"https:\/\/www.institut-cultures-islam.org\/en\/wp-json\/wp\/v2\/types-ressources?post=3051"}],"curies":[{"name":"wp","href":"https:\/\/api.w.org\/{rel}","templated":true}]}}